{"id":1449,"date":"2025-08-17T20:12:07","date_gmt":"2025-08-17T18:12:07","guid":{"rendered":"https:\/\/bv-grundbesitz.de\/imprint\/"},"modified":"2025-11-06T11:53:39","modified_gmt":"2025-11-06T10:53:39","slug":"imprint","status":"publish","type":"page","link":"https:\/\/bv-grundbesitz.de\/en\/imprint\/","title":{"rendered":"Imprint"},"content":{"rendered":"\n<div class=\"wp-block-stackable-columns stk-block-columns stk-block stk-7e7d25a\" data-block-id=\"7e7d25a\"><style>.stk-7e7d25a {overflow:hidden !important;align-items:center !important;padding-right:var(--stk--preset--spacing--60, 2.25rem) !important;padding-left:var(--stk--preset--spacing--60, 2.25rem) !important;margin-bottom:var(--stk--preset--spacing--80, 5.06rem) !important;display:flex !important;}@media screen and (max-width: 767px){.stk-7e7d25a {padding-top:var(--stk--preset--spacing--none, 0px) !important;padding-right:var(--stk--preset--spacing--30, 0.67rem) !important;padding-bottom:var(--stk--preset--spacing--60, 2.25rem) !important;padding-left:var(--stk--preset--spacing--30, 0.67rem) !important;margin-bottom:var(--stk--preset--spacing--none, 0px) !important;}}<\/style><div class=\"stk-row stk-inner-blocks has-text-align-center stk-block-content stk-content-align stk-7e7d25a-column\">\n<div class=\"wp-block-stackable-column stk-block-column stk-column stk-block stk-b3f4afa\" data-v=\"4\" data-block-id=\"b3f4afa\"><style>.stk-b3f4afa-inner-blocks{justify-content:flex-end !important;}.stk-b3f4afa-container{min-height:450px !important;}@media screen and (max-width: 1023px){.stk-b3f4afa-container{min-height:350px !important;}}@media screen and (max-width: 767px){.stk-b3f4afa-container{min-height:250px !important;}}<\/style><div class=\"stk-column-wrapper stk-block-column__content stk-container stk-b3f4afa-container stk--no-background stk--no-padding\"><div class=\"stk--column-flex stk-block-content stk-inner-blocks stk-b3f4afa-inner-blocks\">\n<div class=\"wp-block-stackable-heading stk-block-heading stk-block-heading--v2 stk-block stk-ee6a75e\" id=\"heading-placeholder\" data-block-id=\"ee6a75e\"><style>.stk-ee6a75e {margin-bottom:0px !important;}.stk-ee6a75e .stk-block-heading__text{color:#20143d !important;}<\/style><h1 class=\"stk-block-heading__text has-text-color\">Imprint<\/h1><\/div>\n\n\n\n<div class=\"wp-block-stackable-heading stk-block-heading stk-block-heading--v2 stk-block stk-3e02f66\" data-block-id=\"3e02f66\"><style>.stk-3e02f66 {margin-bottom:0px !important;}.stk-3e02f66 .stk-block-heading__text{font-size:80px !important;color:var(--nv-secondary-accent) !important;line-height:1em !important;font-family:\"Poltawski Nowy\", Sans-serif !important;}@media screen and (max-width: 1023px){.stk-3e02f66 .stk-block-heading__text{font-size:50px !important;}}<\/style><h6 class=\"stk-block-heading__text has-text-color\">~<\/h6><\/div>\n<\/div><\/div><\/div>\n<\/div><\/div>\n\n\n\n<div class=\"wp-block-stackable-columns stk-block-columns stk-block stk-bd7ed65\" data-block-id=\"bd7ed65\"><style>.stk-bd7ed65 {max-width:1088px !important;min-width:auto !important;padding-right:var(--stk--preset--spacing--60, 2.25rem) !important;padding-left:var(--stk--preset--spacing--60, 2.25rem) !important;margin-right:auto !important;margin-bottom:72px !important;margin-left:auto !important;}.stk-bd7ed65-column{--stk-column-gap:var(--stk--preset--spacing--80, 5.06rem) !important;}@media screen and (max-width: 767px){.stk-bd7ed65 {padding-right:var(--stk--preset--spacing--30, 0.67rem) !important;padding-left:var(--stk--preset--spacing--30, 0.67rem) !important;margin-bottom:var(--stk--preset--spacing--60, 2.25rem) !important;}.stk-bd7ed65-column{row-gap:var(--stk--preset--spacing--80, 5.06rem) !important;}}<\/style><div class=\"stk-row stk-inner-blocks stk-block-content stk-content-align stk-bd7ed65-column\">\n<div class=\"wp-block-stackable-column stk-block-column stk-column stk-block stk-8c033e9\" data-v=\"4\" data-block-id=\"8c033e9\"><style>.stk-8c033e9-inner-blocks{align-items:flex-start !important;}@media screen and (min-width: 768px){.stk-8c033e9 {flex:var(--stk-flex-grow, 1) 1 33.3% !important;}}<\/style><div class=\"stk-column-wrapper stk-block-column__content stk-container stk-8c033e9-container stk--no-background stk--no-padding\"><div class=\"stk--column-flex stk-block-content stk-inner-blocks stk-8c033e9-inner-blocks\">\n<div class=\"wp-block-stackable-text stk-block-text stk-block stk-263f885\" data-block-id=\"263f885\"><style>.stk-263f885 {margin-bottom:12px !important;}<\/style><p class=\"stk-block-text__text\"><strong>VERANTWORTLICH F\u00dcR DIE INHALTE<\/strong><\/p><\/div>\n\n\n\n<div class=\"wp-block-stackable-text stk-block-text stk-block stk-a3aa13b\" data-block-id=\"a3aa13b\"><p class=\"stk-block-text__text\"><strong><strong>Bernd Voigt Grundbesitz KG<\/strong><br><\/strong>Hausverwaltung<br>Spichernstra\u00dfe 15<br>10777 Berlin<\/p><\/div>\n\n\n\n<div class=\"wp-block-stackable-text stk-block-text stk-block stk-532ebc6\" data-block-id=\"532ebc6\"><p class=\"stk-block-text__text\"><strong>Kontakt:<\/strong><br>T: <a href=\"tel:+4930275757990\">+49 (0) 30 \u2013 27 57 57 99-0<\/a><br>E-Mail: <a href=\"mailto:kontakt@bv-grundbesitz.de\">kontakt@bv-grundbesitz.de<\/a><\/p><\/div>\n\n\n\n<div class=\"wp-block-stackable-text stk-block-text stk-block stk-c0819dc\" data-block-id=\"c0819dc\"><p class=\"stk-block-text__text\">Rechnungen und fristwahrende Schrifts\u00e4tze m\u00fcssen in Papierform auf dem Postweg zugesandt werden. Eine elektronische \u00dcbermittlung reicht nicht aus.<\/p><\/div>\n\n\n\n<div class=\"wp-block-stackable-text stk-block-text stk-block stk-9d83e2c\" data-block-id=\"9d83e2c\"><p class=\"stk-block-text__text\">Pers\u00f6nlich haftender Gesellschafter:<br>Bernd Voigt<\/p><\/div>\n\n\n\n<div class=\"wp-block-stackable-text stk-block-text stk-block stk-55eb14c\" data-block-id=\"55eb14c\"><p class=\"stk-block-text__text\">Amtsgericht Berlin Charlottenburg<br>HRA 51445 B<br>USt.-ID: DE815590798<\/p><\/div>\n\n\n\n<div class=\"wp-block-stackable-text stk-block-text stk-block stk-fe8f805\" data-block-id=\"fe8f805\"><p class=\"stk-block-text__text\">Berufshaftpflichtversicherung bei<br>Signal Iduna Allgemeine Versicherung AG<br>Joseph-Scherer-Str. 3<br>44139 Dortmund<\/p><\/div>\n\n\n\n<div class=\"wp-block-stackable-text stk-block-text stk-block stk-9dbb6ab\" data-block-id=\"9dbb6ab\"><p class=\"stk-block-text__text\">Zust\u00e4ndige Aufsichtsbeh\u00f6rde gem\u00e4\u00df \u00a7 34 c GewO:<br>Bezirksamt Charlottenburg-Wilmersdorf &#8211; Wirtschaftsamt<br>Hohenzollerndamm 174-177, 10713 Berlin<\/p><\/div>\n<\/div><\/div><\/div>\n\n\n\n<div class=\"wp-block-stackable-column stk-block-column stk-column stk-block stk-9c3fe87\" data-v=\"4\" data-block-id=\"9c3fe87\"><style>.stk-9c3fe87-inner-blocks{align-items:flex-start !important;}@media screen and (min-width: 768px){.stk-9c3fe87 {flex:var(--stk-flex-grow, 1) 1 66.7% !important;}}<\/style><div class=\"stk-column-wrapper stk-block-column__content stk-container stk-9c3fe87-container stk--no-background stk--no-padding\"><div class=\"stk--column-flex stk-block-content stk-inner-blocks stk-9c3fe87-inner-blocks\">\n<div class=\"wp-block-stackable-text stk-block-text stk-block stk-d8a66a6\" data-block-id=\"d8a66a6\"><style>.stk-d8a66a6 {margin-bottom:12px !important;}<\/style><p class=\"stk-block-text__text\"><strong>HAFTUNG F\u00dcR INHALTE<\/strong><\/p><\/div>\n\n\n\n<div class=\"wp-block-stackable-text stk-block-text stk-block stk-c0e0e3a\" data-block-id=\"c0e0e3a\"><style>.stk-c0e0e3a {margin-bottom:60px !important;}<\/style><p class=\"stk-block-text__text\">Die Inhalte unserer Seiten wurden mit gr\u00f6\u00dfter Sorgfalt erstellt. F\u00fcr die Richtigkeit, Vollst\u00e4ndigkeit und Aktualit\u00e4t der Inhalte k\u00f6nnen wir jedoch keine Gew\u00e4hr \u00fcbernehmen. Als Diensteanbieter sind wir gem\u00e4\u00df \u00a7 7 Abs.1 TMG f\u00fcr eigene Inhalte auf diesen Seiten nach den allgemeinen Gesetzen verantwortlich. Nach \u00a7\u00a7 8 bis 10 TMG sind wir als Diensteanbieter jedoch nicht verpflichtet, \u00fcbermittelte oder gespeicherte fremde Informationen zu \u00fcberwachen oder nach Umst\u00e4nden zu forschen, die auf eine rechtswidrige T\u00e4tigkeit hinweisen. Verpflichtungen zur Entfernung oder Sperrung der Nutzung von Informationen nach den allgemeinen Gesetzen bleiben hiervon unber\u00fchrt. Eine diesbez\u00fcgliche Haftung ist jedoch erst ab dem Zeitpunkt der Kenntnis einer konkreten Rechtsverletzung m\u00f6glich. Bei Bekanntwerden von entsprechenden Rechtsverletzungen werden wir diese Inhalte umgehend entfernen.<\/p><\/div>\n\n\n\n<div class=\"wp-block-stackable-text stk-block-text stk-block stk-0d8fd67\" data-block-id=\"0d8fd67\"><style>.stk-0d8fd67 {margin-bottom:12px !important;}<\/style><p class=\"stk-block-text__text\"><strong>HAFTUNG F\u00dcR LINKS<\/strong><\/p><\/div>\n\n\n\n<div class=\"wp-block-stackable-text stk-block-text stk-block stk-9675664\" data-block-id=\"9675664\"><style>.stk-9675664 {margin-bottom:60px !important;}<\/style><p class=\"stk-block-text__text\">Unser Angebot enth\u00e4lt Links zu externen Webseiten Dritter, auf deren Inhalte wir keinen Einfluss haben. Deshalb k\u00f6nnen wir f\u00fcr diese fremden Inhalte auch keine Gew\u00e4hr \u00fcbernehmen. F\u00fcr die Inhalte der verlinkten Seiten ist stets der jeweilige Anbieter oder Betreiber der Seiten verantwortlich. Die verlinkten Seiten wurden zum Zeitpunkt der Verlinkung auf m\u00f6gliche Rechtsverst\u00f6\u00dfe \u00fcberpr\u00fcft. Rechtswidrige Inhalte waren zum Zeitpunkt der Verlinkung nicht erkennbar. Eine permanente inhaltliche Kontrolle der verlinkten Seiten ist jedoch ohne konkrete Anhaltspunkte einer Rechtsverletzung nicht zumutbar. Bei Bekanntwerden von Rechtsverletzungen werden wir derartige Links umgehend entfernen.<\/p><\/div>\n\n\n\n<div class=\"wp-block-stackable-text stk-block-text stk-block stk-99b9fb7\" data-block-id=\"99b9fb7\"><style>.stk-99b9fb7 {margin-bottom:12px !important;}<\/style><p class=\"stk-block-text__text\"><strong>URHEBERRECHT<\/strong><\/p><\/div>\n\n\n\n<div class=\"wp-block-stackable-text stk-block-text stk-block stk-272c9fa\" data-block-id=\"272c9fa\"><p class=\"stk-block-text__text\">Die durch die Seitenbetreiber erstellten Inhalte und Werke auf diesen Seiten unterliegen dem deutschen Urheberrecht. Die Vervielf\u00e4ltigung, Bearbeitung, Verbreitung und jede Art der Verwertung au\u00dferhalb der Grenzen des Urheberrechtes bed\u00fcrfen der schriftlichen Zustimmung des jeweiligen Autors bzw. Erstellers. Downloads und Kopien dieser Seite sind nur f\u00fcr den privaten, nicht kommerziellen Gebrauch gestattet. Soweit die Inhalte auf dieser Seite nicht vom Betreiber erstellt wurden, werden die Urheberrechte Dritter beachtet. Insbesondere werden Inhalte Dritter als solche gekennzeichnet. Sollten Sie trotzdem auf eine Urheberrechtsverletzung aufmerksam werden, bitten wir um einen entsprechenden Hinweis. Bei Bekanntwerden von Rechtsverletzungen werden wir derartige Inhalte umgehend entfernen.<\/p><\/div>\n<\/div><\/div><\/div>\n<\/div><\/div>\n\n\n\n<div class=\"nv-cv-m wp-block-stackable-columns stk-block-columns stk-block stk-0c4acc9\" data-block-id=\"0c4acc9\"><style>.stk-0c4acc9 {max-width:1088px !important;min-width:auto !important;padding-right:var(--stk--preset--spacing--60, 2.25rem) !important;padding-left:var(--stk--preset--spacing--60, 2.25rem) !important;margin-right:auto !important;margin-left:auto !important;}.stk-0c4acc9-column{--stk-column-gap:var(--stk--preset--spacing--80, 5.06rem) !important;}@media screen and (max-width: 767px){.stk-0c4acc9 {padding-right:var(--stk--preset--spacing--30, 0.67rem) !important;padding-left:var(--stk--preset--spacing--30, 0.67rem) !important;margin-bottom:var(--stk--preset--spacing--60, 2.25rem) !important;}.stk-0c4acc9-column{row-gap:var(--stk--preset--spacing--80, 5.06rem) !important;}}<\/style><div class=\"stk-row stk-inner-blocks stk-block-content stk-content-align stk-0c4acc9-column\">\n<div class=\"wp-block-stackable-column stk-block-column stk-column stk-block stk-32c6347\" data-v=\"4\" data-block-id=\"32c6347\"><style>.stk-32c6347-inner-blocks{align-items:flex-start !important;}<\/style><div class=\"stk-column-wrapper stk-block-column__content stk-container stk-32c6347-container stk--no-background stk--no-padding\"><div class=\"stk--column-flex stk-block-content stk-inner-blocks stk-32c6347-inner-blocks\">\n<div class=\"wp-block-stackable-text stk-block-text stk-block stk-0fd10eb\" data-block-id=\"0fd10eb\"><style>.stk-0fd10eb {margin-bottom:12px !important;}<\/style><p class=\"stk-block-text__text\"><strong>IMAGE RIGHTS<\/strong><\/p><\/div>\n\n\n\n<div class=\"wp-block-stackable-text stk-block-text stk-block stk-4a45362\" data-block-id=\"4a45362\"><p class=\"stk-block-text__text\">stock.adobe.com<br>Adobe Stock | #168646044 \u2013 Renovierte Altbaufassaden in Berlin-Moabit<br><br>@ebenart<\/p><\/div>\n<\/div><\/div><\/div>\n<\/div><\/div>\n","protected":false},"excerpt":{"rendered":"<p>Imprint ~ VERANTWORTLICH F\u00dcR DIE INHALTE Bernd Voigt Grundbesitz KGHausverwaltungSpichernstra\u00dfe 1510777 Berlin Kontakt:T: +49 (0) 30 \u2013 27 57 57 99-0E-Mail: kontakt@bv-grundbesitz.de Rechnungen und fristwahrende Schrifts\u00e4tze m\u00fcssen in Papierform auf dem Postweg zugesandt werden. Eine elektronische \u00dcbermittlung reicht nicht aus. Pers\u00f6nlich haftender Gesellschafter:Bernd Voigt Amtsgericht Berlin CharlottenburgHRA 51445 BUSt.-ID: DE815590798 Berufshaftpflichtversicherung beiSignal Iduna Allgemeine Versicherung&hellip;&nbsp;<\/p>\n","protected":false},"author":1,"featured_media":0,"parent":0,"menu_order":0,"comment_status":"closed","ping_status":"closed","template":"page-templates\/template-pagebuilder-full-width.php","meta":{"neve_meta_sidebar":"","neve_meta_container":"","neve_meta_enable_content_width":"","neve_meta_content_width":0,"neve_meta_title_alignment":"","neve_meta_author_avatar":"","neve_post_elements_order":"","neve_meta_disable_header":"","neve_meta_disable_footer":"","neve_meta_disable_title":"","neve_meta_reading_time":"","footnotes":""},"class_list":["post-1449","page","type-page","status-publish","hentry"],"yoast_head":"<!-- This site is optimized with the Yoast SEO plugin v27.5 - https:\/\/yoast.com\/product\/yoast-seo-wordpress\/ -->\n<title>BV Grundbesitz KG \u2013<\/title>\n<meta name=\"robots\" content=\"index, follow, max-snippet:-1, max-image-preview:large, max-video-preview:-1\" \/>\n<link rel=\"canonical\" href=\"https:\/\/bv-grundbesitz.de\/en\/imprint\/\" \/>\n<meta property=\"og:locale\" content=\"en_US\" \/>\n<meta property=\"og:type\" content=\"article\" \/>\n<meta property=\"og:title\" content=\"BV Grundbesitz KG \u2013\" \/>\n<meta property=\"og:description\" content=\"Imprint ~ VERANTWORTLICH F\u00dcR DIE INHALTE Bernd Voigt Grundbesitz KGHausverwaltungSpichernstra\u00dfe 1510777 Berlin Kontakt:T: +49 (0) 30 \u2013 27 57 57 99-0E-Mail: kontakt@bv-grundbesitz.de Rechnungen und fristwahrende Schrifts\u00e4tze m\u00fcssen in Papierform auf dem Postweg zugesandt werden. Eine elektronische \u00dcbermittlung reicht nicht aus. Pers\u00f6nlich haftender Gesellschafter:Bernd Voigt Amtsgericht Berlin CharlottenburgHRA 51445 BUSt.-ID: DE815590798 Berufshaftpflichtversicherung beiSignal Iduna Allgemeine Versicherung&hellip;&nbsp;\" \/>\n<meta property=\"og:url\" content=\"https:\/\/bv-grundbesitz.de\/en\/imprint\/\" \/>\n<meta property=\"og:site_name\" content=\"BV Grundbesitz KG\" \/>\n<meta property=\"article:modified_time\" content=\"2025-11-06T10:53:39+00:00\" \/>\n<meta property=\"og:image\" content=\"https:\/\/bv-grundbesitz.de\/wp-content\/uploads\/2025\/11\/bv-grundbesitz-cover-image.jpg\" \/>\n\t<meta property=\"og:image:width\" content=\"1920\" \/>\n\t<meta property=\"og:image:height\" content=\"953\" \/>\n\t<meta property=\"og:image:type\" content=\"image\/jpeg\" \/>\n<meta name=\"twitter:card\" content=\"summary_large_image\" \/>\n<meta name=\"twitter:label1\" content=\"Est. reading time\" \/>\n\t<meta name=\"twitter:data1\" content=\"3 minutes\" \/>\n<script type=\"application\/ld+json\" class=\"yoast-schema-graph\">{\"@context\":\"https:\\\/\\\/schema.org\",\"@graph\":[{\"@type\":\"WebPage\",\"@id\":\"https:\\\/\\\/bv-grundbesitz.de\\\/en\\\/imprint\\\/\",\"url\":\"https:\\\/\\\/bv-grundbesitz.de\\\/en\\\/imprint\\\/\",\"name\":\"BV Grundbesitz KG \u2013\",\"isPartOf\":{\"@id\":\"https:\\\/\\\/bv-grundbesitz.de\\\/en\\\/#website\"},\"datePublished\":\"2025-08-17T18:12:07+00:00\",\"dateModified\":\"2025-11-06T10:53:39+00:00\",\"breadcrumb\":{\"@id\":\"https:\\\/\\\/bv-grundbesitz.de\\\/en\\\/imprint\\\/#breadcrumb\"},\"inLanguage\":\"en-US\",\"potentialAction\":[{\"@type\":\"ReadAction\",\"target\":[\"https:\\\/\\\/bv-grundbesitz.de\\\/en\\\/imprint\\\/\"]}]},{\"@type\":\"BreadcrumbList\",\"@id\":\"https:\\\/\\\/bv-grundbesitz.de\\\/en\\\/imprint\\\/#breadcrumb\",\"itemListElement\":[{\"@type\":\"ListItem\",\"position\":1,\"name\":\"Startseite\",\"item\":\"https:\\\/\\\/bv-grundbesitz.de\\\/en\\\/\"},{\"@type\":\"ListItem\",\"position\":2,\"name\":\"Imprint\"}]},{\"@type\":\"WebSite\",\"@id\":\"https:\\\/\\\/bv-grundbesitz.de\\\/en\\\/#website\",\"url\":\"https:\\\/\\\/bv-grundbesitz.de\\\/en\\\/\",\"name\":\"BV Grundbesitz KG\",\"description\":\"\",\"publisher\":{\"@id\":\"https:\\\/\\\/bv-grundbesitz.de\\\/en\\\/#organization\"},\"potentialAction\":[{\"@type\":\"SearchAction\",\"target\":{\"@type\":\"EntryPoint\",\"urlTemplate\":\"https:\\\/\\\/bv-grundbesitz.de\\\/en\\\/?s={search_term_string}\"},\"query-input\":{\"@type\":\"PropertyValueSpecification\",\"valueRequired\":true,\"valueName\":\"search_term_string\"}}],\"inLanguage\":\"en-US\"},{\"@type\":\"Organization\",\"@id\":\"https:\\\/\\\/bv-grundbesitz.de\\\/en\\\/#organization\",\"name\":\"BV Grundbesitz KG\",\"url\":\"https:\\\/\\\/bv-grundbesitz.de\\\/en\\\/\",\"logo\":{\"@type\":\"ImageObject\",\"inLanguage\":\"en-US\",\"@id\":\"https:\\\/\\\/bv-grundbesitz.de\\\/en\\\/#\\\/schema\\\/logo\\\/image\\\/\",\"url\":\"https:\\\/\\\/bv-grundbesitz.de\\\/wp-content\\\/uploads\\\/2025\\\/11\\\/bv-grundbesitz-logo_bildmarke.svg\",\"contentUrl\":\"https:\\\/\\\/bv-grundbesitz.de\\\/wp-content\\\/uploads\\\/2025\\\/11\\\/bv-grundbesitz-logo_bildmarke.svg\",\"width\":1,\"height\":1,\"caption\":\"BV Grundbesitz KG\"},\"image\":{\"@id\":\"https:\\\/\\\/bv-grundbesitz.de\\\/en\\\/#\\\/schema\\\/logo\\\/image\\\/\"}}]}<\/script>\n<!-- \/ Yoast SEO plugin. -->","yoast_head_json":{"title":"BV Grundbesitz KG \u2013","robots":{"index":"index","follow":"follow","max-snippet":"max-snippet:-1","max-image-preview":"max-image-preview:large","max-video-preview":"max-video-preview:-1"},"canonical":"https:\/\/bv-grundbesitz.de\/en\/imprint\/","og_locale":"en_US","og_type":"article","og_title":"BV Grundbesitz KG \u2013","og_description":"Imprint ~ VERANTWORTLICH F\u00dcR DIE INHALTE Bernd Voigt Grundbesitz KGHausverwaltungSpichernstra\u00dfe 1510777 Berlin Kontakt:T: +49 (0) 30 \u2013 27 57 57 99-0E-Mail: kontakt@bv-grundbesitz.de Rechnungen und fristwahrende Schrifts\u00e4tze m\u00fcssen in Papierform auf dem Postweg zugesandt werden. Eine elektronische \u00dcbermittlung reicht nicht aus. Pers\u00f6nlich haftender Gesellschafter:Bernd Voigt Amtsgericht Berlin CharlottenburgHRA 51445 BUSt.-ID: DE815590798 Berufshaftpflichtversicherung beiSignal Iduna Allgemeine Versicherung&hellip;&nbsp;","og_url":"https:\/\/bv-grundbesitz.de\/en\/imprint\/","og_site_name":"BV Grundbesitz KG","article_modified_time":"2025-11-06T10:53:39+00:00","og_image":[{"width":1920,"height":953,"url":"https:\/\/bv-grundbesitz.de\/wp-content\/uploads\/2025\/11\/bv-grundbesitz-cover-image.jpg","type":"image\/jpeg"}],"twitter_card":"summary_large_image","twitter_misc":{"Est. reading time":"3 minutes"},"schema":{"@context":"https:\/\/schema.org","@graph":[{"@type":"WebPage","@id":"https:\/\/bv-grundbesitz.de\/en\/imprint\/","url":"https:\/\/bv-grundbesitz.de\/en\/imprint\/","name":"BV Grundbesitz KG \u2013","isPartOf":{"@id":"https:\/\/bv-grundbesitz.de\/en\/#website"},"datePublished":"2025-08-17T18:12:07+00:00","dateModified":"2025-11-06T10:53:39+00:00","breadcrumb":{"@id":"https:\/\/bv-grundbesitz.de\/en\/imprint\/#breadcrumb"},"inLanguage":"en-US","potentialAction":[{"@type":"ReadAction","target":["https:\/\/bv-grundbesitz.de\/en\/imprint\/"]}]},{"@type":"BreadcrumbList","@id":"https:\/\/bv-grundbesitz.de\/en\/imprint\/#breadcrumb","itemListElement":[{"@type":"ListItem","position":1,"name":"Startseite","item":"https:\/\/bv-grundbesitz.de\/en\/"},{"@type":"ListItem","position":2,"name":"Imprint"}]},{"@type":"WebSite","@id":"https:\/\/bv-grundbesitz.de\/en\/#website","url":"https:\/\/bv-grundbesitz.de\/en\/","name":"BV Grundbesitz KG","description":"","publisher":{"@id":"https:\/\/bv-grundbesitz.de\/en\/#organization"},"potentialAction":[{"@type":"SearchAction","target":{"@type":"EntryPoint","urlTemplate":"https:\/\/bv-grundbesitz.de\/en\/?s={search_term_string}"},"query-input":{"@type":"PropertyValueSpecification","valueRequired":true,"valueName":"search_term_string"}}],"inLanguage":"en-US"},{"@type":"Organization","@id":"https:\/\/bv-grundbesitz.de\/en\/#organization","name":"BV Grundbesitz KG","url":"https:\/\/bv-grundbesitz.de\/en\/","logo":{"@type":"ImageObject","inLanguage":"en-US","@id":"https:\/\/bv-grundbesitz.de\/en\/#\/schema\/logo\/image\/","url":"https:\/\/bv-grundbesitz.de\/wp-content\/uploads\/2025\/11\/bv-grundbesitz-logo_bildmarke.svg","contentUrl":"https:\/\/bv-grundbesitz.de\/wp-content\/uploads\/2025\/11\/bv-grundbesitz-logo_bildmarke.svg","width":1,"height":1,"caption":"BV Grundbesitz KG"},"image":{"@id":"https:\/\/bv-grundbesitz.de\/en\/#\/schema\/logo\/image\/"}}]}},"_links":{"self":[{"href":"https:\/\/bv-grundbesitz.de\/en\/wp-json\/wp\/v2\/pages\/1449","targetHints":{"allow":["GET"]}}],"collection":[{"href":"https:\/\/bv-grundbesitz.de\/en\/wp-json\/wp\/v2\/pages"}],"about":[{"href":"https:\/\/bv-grundbesitz.de\/en\/wp-json\/wp\/v2\/types\/page"}],"author":[{"embeddable":true,"href":"https:\/\/bv-grundbesitz.de\/en\/wp-json\/wp\/v2\/users\/1"}],"replies":[{"embeddable":true,"href":"https:\/\/bv-grundbesitz.de\/en\/wp-json\/wp\/v2\/comments?post=1449"}],"version-history":[{"count":11,"href":"https:\/\/bv-grundbesitz.de\/en\/wp-json\/wp\/v2\/pages\/1449\/revisions"}],"predecessor-version":[{"id":1929,"href":"https:\/\/bv-grundbesitz.de\/en\/wp-json\/wp\/v2\/pages\/1449\/revisions\/1929"}],"wp:attachment":[{"href":"https:\/\/bv-grundbesitz.de\/en\/wp-json\/wp\/v2\/media?parent=1449"}],"curies":[{"name":"wp","href":"https:\/\/api.w.org\/{rel}","templated":true}]}}